{"id":15647,"date":"2026-09-03T10:31:05","date_gmt":"2026-09-03T08:31:05","guid":{"rendered":"https:\/\/aidssh.al\/?page_id=15647"},"modified":"2026-09-03T11:19:43","modified_gmt":"2026-09-03T09:19:43","slug":"kalimi-i-kufirit-shqiperi-kosove-jugosllavi-gjate-viteve-1944-1991-analize-dypaleshe-e-dimensionit-politik-dhe-njerezor","status":"publish","type":"page","link":"https:\/\/aidssh.al\/en\/studimi\/konferenca\/kalimi-i-kufirit-shqiperi-kosove-jugosllavi-gjate-viteve-1944-1991-analize-dypaleshe-e-dimensionit-politik-dhe-njerezor\/","title":{"rendered":"Kalimi i kufirit Shqip\u00ebri-Kosov\u00eb (Jugosllavi) gjat\u00eb viteve 1944-1991: Analiz\u00eb dypal\u00ebshe e dimensionit politik dhe njer\u00ebzor."},"content":{"rendered":"<div data-elementor-type=\"wp-page\" data-elementor-id=\"15647\" class=\"elementor elementor-15647\" data-elementor-post-type=\"page\">\n\t\t\t\t<div class=\"elementor-element elementor-element-2f94134 e-con-full e-flex e-con e-parent\" data-id=\"2f94134\" data-element_type=\"container\" data-e-type=\"container\">\n\t\t\t\t<div class=\"elementor-element elementor-element-c00e237 elementor-widget elementor-widget-template\" data-id=\"c00e237\" data-element_type=\"widget\" data-e-type=\"widget\" data-widget_type=\"template.default\">\n\t\t\t\t<div class=\"elementor-widget-container\">\n\t\t\t\t\t\t\t<div class=\"elementor-template\">\n\t\t\t\t\t<div data-elementor-type=\"container\" data-elementor-id=\"866\" class=\"elementor elementor-866\" data-elementor-post-type=\"elementor_library\">\n\t\t\t\t<div data-dce-background-image-url=\"https:\/\/aidssh.al\/wp-content\/uploads\/2026\/09\/kalimi-kufirit_POSTER-2-scaled.png\" class=\"elementor-element elementor-element-58c6923c e-flex e-con-boxed e-con e-parent\" data-id=\"58c6923c\" data-element_type=\"container\" data-e-type=\"container\" data-settings=\"{&quot;background_background&quot;:&quot;classic&quot;}\">\n\t\t\t\t\t<div class=\"e-con-inner\">\n\t\t\t\t<div class=\"elementor-element elementor-element-3356bc54 elementor-widget elementor-widget-heading\" data-id=\"3356bc54\" data-element_type=\"widget\" data-e-type=\"widget\" data-widget_type=\"heading.default\">\n\t\t\t\t<div class=\"elementor-widget-container\">\n\t\t\t\t\t<h1 class=\"elementor-heading-title elementor-size-default\">Kalimi i kufirit Shqip\u00ebri-Kosov\u00eb (Jugosllavi) gjat\u00eb viteve 1944-1991: Analiz\u00eb dypal\u00ebshe e dimensionit politik dhe njer\u00ebzor.<\/h1>\t\t\t\t<\/div>\n\t\t\t\t<\/div>\n\t\t\t\t\t<\/div>\n\t\t\t\t<\/div>\n\t\t\t\t<\/div>\n\t\t\t\t<\/div>\n\t\t\t\t\t\t<\/div>\n\t\t\t\t<\/div>\n\t\t\t\t<\/div>\n\t\t<div class=\"elementor-element elementor-element-dcb86c3 e-flex e-con-boxed e-con e-parent\" data-id=\"dcb86c3\" data-element_type=\"container\" data-e-type=\"container\">\n\t\t\t\t\t<div class=\"e-con-inner\">\n\t\t\t\t<div class=\"elementor-element elementor-element-67b5fbc elementor-widget__width-initial elementor-widget elementor-widget-text-editor\" data-id=\"67b5fbc\" data-element_type=\"widget\" data-e-type=\"widget\" data-widget_type=\"text-editor.default\">\n\t\t\t\t<div class=\"elementor-widget-container\">\n\t\t\t\t\t\t\t\t\t<ul><li><a href=\"https:\/\/aidssh.al\/en\/thirrje-per-kumtesa-konference-shkencore-nderkombetare\/\">The call<\/a><\/li><li><a href=\"https:\/\/aidssh.al\/en\/studimi\/konferenca\/kalimi-i-kufirit-shqiperi-kosove-jugosllavi-gjate-viteve-1944-1991-analize-dypaleshe-e-dimensionit-politik-dhe-njerezor\/ftesa\/\">Ftesat<\/a><\/li><li>Program<\/li><li><a href=\"https:\/\/aidssh.al\/en\/studimi\/konferenca\/kalimi-i-kufirit-shqiperi-kosove-jugosllavi-gjate-viteve-1944-1991-analize-dypaleshe-e-dimensionit-politik-dhe-njerezor\/lista-e-studiuesve\/\">Lista e studiuesve <\/a><\/li><li>Fjala e hapjes<\/li><li>Fjala e mbylljes\u00a0<\/li><li><a href=\"https:\/\/aidssh.al\/en\/autoriteti-i-dosjeve-sjell-debatin-shkencor-mbi-mekanizmat-e-kontrollit-te-ish-sigurimit-te-shtetit\/\">Njoftimi p\u00ebr media<\/a><\/li><li><a href=\"https:\/\/aidssh.al\/en\/studimi\/konferenca\/aspekte-te-perndjekjes-politike-te-ish-sigurimit-te-shtetit-shqiptar-1944-1991\/galeria\/\">Gallery<\/a><\/li><\/ul>\t\t\t\t\t\t\t\t<\/div>\n\t\t\t\t<\/div>\n\t\t\t\t<div class=\"elementor-element elementor-element-2430d1a elementor-widget elementor-widget-image\" data-id=\"2430d1a\" data-element_type=\"widget\" data-e-type=\"widget\" data-widget_type=\"image.default\">\n\t\t\t\t<div class=\"elementor-widget-container\">\n\t\t\t\t\t\t\t\t\t\t\t\t\t\t\t<img decoding=\"async\" src=\"https:\/\/aidssh.al\/wp-content\/uploads\/elementor\/thumbs\/kalimi-kufirit_POSTER-scaled-rsuowbw4h8nwv6otfy7eups01oqxooeh97695mvkio.png\" title=\"kalimi kufirit_POSTER\" alt=\"kalimi kufirit_POSTER\" loading=\"lazy\" \/>\t\t\t\t\t\t\t\t\t\t\t\t\t\t\t<\/div>\n\t\t\t\t<\/div>\n\t\t\t\t\t<\/div>\n\t\t\t\t<\/div>\n\t\t\t\t<\/div>","protected":false},"excerpt":{"rendered":"<p>Thirrja Ftesat Programi Lista e studiuesve Fjala e hapjes Fjala e mbylljes\u00a0 Njoftimi p\u00ebr media Galeria<\/p>","protected":false},"author":5,"featured_media":15668,"parent":717,"menu_order":0,"comment_status":"closed","ping_status":"closed","template":"","meta":{"_acf_changed":false,"footnotes":""},"class_list":["post-15647","page","type-page","status-publish","has-post-thumbnail","hentry"],"acf":[],"_links":{"self":[{"href":"https:\/\/aidssh.al\/en\/wp-json\/wp\/v2\/pages\/15647","targetHints":{"allow":["GET"]}}],"collection":[{"href":"https:\/\/aidssh.al\/en\/wp-json\/wp\/v2\/pages"}],"about":[{"href":"https:\/\/aidssh.al\/en\/wp-json\/wp\/v2\/types\/page"}],"author":[{"embeddable":true,"href":"https:\/\/aidssh.al\/en\/wp-json\/wp\/v2\/users\/5"}],"replies":[{"embeddable":true,"href":"https:\/\/aidssh.al\/en\/wp-json\/wp\/v2\/comments?post=15647"}],"version-history":[{"count":11,"href":"https:\/\/aidssh.al\/en\/wp-json\/wp\/v2\/pages\/15647\/revisions"}],"predecessor-version":[{"id":15696,"href":"https:\/\/aidssh.al\/en\/wp-json\/wp\/v2\/pages\/15647\/revisions\/15696"}],"up":[{"embeddable":true,"href":"https:\/\/aidssh.al\/en\/wp-json\/wp\/v2\/pages\/717"}],"wp:featuredmedia":[{"embeddable":true,"href":"https:\/\/aidssh.al\/en\/wp-json\/wp\/v2\/media\/15668"}],"wp:attachment":[{"href":"https:\/\/aidssh.al\/en\/wp-json\/wp\/v2\/media?parent=15647"}],"curies":[{"name":"wp","href":"https:\/\/api.w.org\/{rel}","templated":true}]}}